{"id":28,"date":"2024-09-11T15:06:42","date_gmt":"2024-09-11T15:06:42","guid":{"rendered":"https:\/\/suspicious-lederberg.195-242-103-108.plesk.page\/?page_id=28"},"modified":"2026-03-06T17:18:51","modified_gmt":"2026-03-06T16:18:51","slug":"kontakt-impressum","status":"publish","type":"page","link":"https:\/\/kuhna-stiftung.org\/index.php\/kontakt-impressum\/","title":{"rendered":"Kontakt\/ Impressum"},"content":{"rendered":"\n<p>KUHNA-Stiftung<br>c\/o Hugo Boguslawski<br>Stephanstra\u00dfe 10<br>40599 D\u00fcsseldorf<\/p>\n\n\n\n<p>\u00a9 Bilder: sofern nicht anders vermerkt: VG BILD-KUNST, Bonn<br>\u00a9 Texte: die Autoren<br>Verantwortlich f\u00fcr den Inhalt: KUHNA-Stiftung<\/p>\n\n\n\n<p>Bild- und Text-Material f\u00fcr Pressearbeit etc. stellen wir auf Anfrage gerne zur Verf\u00fcgung.<br>Bitte benutzen Sie f\u00fcr Anfragen das Kontaktformular.<\/p>\n\n\n\n<p class=\"has-button-hover-text-color-color has-text-color\"><br><\/p>\n\n\n\n<p style=\"font-size:20px\">Nachricht an die KUHNA-Stiftung<\/p>\n\n\n\n<div class=\"wp-block-contact-form-7-contact-form-selector\">\n<div class=\"wpcf7 no-js\" id=\"wpcf7-f6-o1\" lang=\"de-DE\" dir=\"ltr\" data-wpcf7-id=\"6\">\n<div class=\"screen-reader-response\"><p role=\"status\" aria-live=\"polite\" aria-atomic=\"true\"><\/p> <ul><\/ul><\/div>\n<form action=\"\/index.php\/wp-json\/wp\/v2\/pages\/28#wpcf7-f6-o1\" method=\"post\" class=\"wpcf7-form init\" aria-label=\"Kontaktformular\" novalidate=\"novalidate\" data-status=\"init\">\n<fieldset class=\"hidden-fields-container\"><input type=\"hidden\" name=\"_wpcf7\" value=\"6\" \/><input type=\"hidden\" name=\"_wpcf7_version\" value=\"6.1.5\" \/><input type=\"hidden\" name=\"_wpcf7_locale\" value=\"de_DE\" \/><input type=\"hidden\" name=\"_wpcf7_unit_tag\" value=\"wpcf7-f6-o1\" \/><input type=\"hidden\" name=\"_wpcf7_container_post\" value=\"0\" \/><input type=\"hidden\" name=\"_wpcf7_posted_data_hash\" value=\"\" \/>\n<\/fieldset>\n<p><label> Ihr Name<br \/>\n<span class=\"wpcf7-form-control-wrap\" data-name=\"your-name\"><input size=\"40\" maxlength=\"400\" class=\"wpcf7-form-control wpcf7-text wpcf7-validates-as-required\" autocomplete=\"name\" aria-required=\"true\" aria-invalid=\"false\" value=\"\" type=\"text\" name=\"your-name\" \/><\/span> <\/label>\n<\/p>\n<p><span id=\"wpcf7-69f3150adcafc-wrapper\" class=\"wpcf7-form-control-wrap honeypot-261-wrap\" ><input type=\"hidden\" name=\"honeypot-261-time-start\" value=\"1777538314\"><input type=\"hidden\" name=\"honeypot-261-time-check\" value=\"4\"><input id=\"IhrVornamePflichtfeld\"  placeholder=\"Ihr Vorname\"  class=\"wpcf7-form-control wpcf7-text\" type=\"text\" name=\"honeypot-261\" value=\"\" size=\"40\" tabindex=\"-1\" autocomplete=\"off\" \/><\/span>\n<\/p>\n<p><label> Ihre E-Mail-Adresse<br \/>\n<span class=\"wpcf7-form-control-wrap\" data-name=\"your-email\"><input size=\"40\" maxlength=\"400\" class=\"wpcf7-form-control wpcf7-email wpcf7-validates-as-required wpcf7-text wpcf7-validates-as-email\" autocomplete=\"email\" aria-required=\"true\" aria-invalid=\"false\" value=\"\" type=\"email\" name=\"your-email\" \/><\/span> <\/label>\n<\/p>\n<p><label> Betreff<br \/>\n<span class=\"wpcf7-form-control-wrap\" data-name=\"your-subject\"><input size=\"40\" maxlength=\"400\" class=\"wpcf7-form-control wpcf7-text wpcf7-validates-as-required\" aria-required=\"true\" aria-invalid=\"false\" value=\"\" type=\"text\" name=\"your-subject\" \/><\/span> <\/label>\n<\/p>\n<p><label> Ihre Nachricht (optional)<br \/>\n<span class=\"wpcf7-form-control-wrap\" data-name=\"your-message\"><textarea cols=\"40\" rows=\"10\" maxlength=\"2000\" class=\"wpcf7-form-control wpcf7-textarea\" aria-invalid=\"false\" name=\"your-message\"><\/textarea><\/span> <\/label>\n<\/p>\n<p><input class=\"wpcf7-form-control wpcf7-submit has-spinner\" type=\"submit\" value=\"Senden\" \/>\n<\/p><div class=\"wpcf7-response-output\" aria-hidden=\"true\"><\/div>\n<\/form>\n<\/div>\n<\/div>\n\n\n\n<p><\/p>\n\n\n\n<p><\/p>\n\n\n\n<p><\/p>\n\n\n\n<p><\/p>\n\n\n\n<p><\/p>\n\n\n\n<span id=\"datenschutzerklaerung\">&nbsp;<\/span>\n\n\n\n<p><strong>Datenschutzerkl\u00e4rung<\/strong><\/p>\n\n\n\n<p class=\"has-small-font-size\">In dieser Datenschutzerkl\u00e4rung informieren wir Sie \u00fcber die Verarbeitung personenbezogener Daten bei der Nutzung dieser Website.<\/p>\n\n\n\n<p class=\"has-small-font-size\"><strong>Verantwortlicher<\/strong><\/p>\n\n\n\n<p class=\"has-small-font-size\">Verantwortlich f\u00fcr die Datenverarbeitung ist<br>KUHNA-Stiftung, c\/o <em>Hugo Boguslawski, Stephanstra\u00dfe 10, 40599 D\u00fcsseldorf, Tel.: 0211 2406390 und E-Mail-Adresse: atelier[at]hugo-boguslawski.com<\/em><\/p>\n\n\n\n<p class=\"has-small-font-size\"><strong>Personenbezogene Daten<\/strong><\/p>\n\n\n\n<p class=\"has-small-font-size\">Personenbezogene Daten sind alle Informationen, die sich auf eine identifizierte oder identifizierbare nat\u00fcrliche Person (im Folgenden &#8222;betroffene Person&#8220;) beziehen. Als identifizierbar wird eine nat\u00fcrliche Person angesehen, die direkt oder indirekt, insbesondere mittels Zuordnung zu einer Kennung wie einem Namen, zu einer Kennnummer, zu Standortdaten, zu einer Online-Kennung oder zu einem oder mehreren besonderen Merkmalen identifiziert werden kann, die Ausdruck der physischen, physiologischen, genetischen, psychischen, wirtschaftlichen, kulturellen oder sozialen Identit\u00e4t dieser nat\u00fcrlichen Person sind.<\/p>\n\n\n\n<p class=\"has-small-font-size\"><strong>Daten beim Websiteaufruf<\/strong><\/p>\n\n\n\n<p class=\"has-small-font-size\">Wenn Sie diese Website nur nutzen, um sich zu informieren und keine Daten angeben, dann verarbeiten wir nur die Daten, die zur Anzeige der Website auf dem von Ihnen verwendeten internetf\u00e4higen Ger\u00e4t erforderlich sind. Das sind insbesondere:<\/p>\n\n\n\n<ul class=\"wp-block-list\">\n<li>IP-Adresse<\/li>\n\n\n\n<li>Datum und Uhrzeit der Anfrage<\/li>\n\n\n\n<li>jeweils \u00fcbertragene Datenmenge<\/li>\n\n\n\n<li>die Website, von der die Anforderung kommt<\/li>\n\n\n\n<li>Browsertyp und Browserversion<\/li>\n\n\n\n<li>Betriebssystem<\/li>\n<\/ul>\n\n\n\n<p class=\"has-small-font-size\">Rechtsgrundlage f\u00fcr die Verarbeitung dieser Daten sind berechtigte Interessen gem\u00e4\u00df Art. 6 Abs. 1 UAbs. 1 Buchstabe f) DSGVO, um die Darstellung der Website grunds\u00e4tzlich zu erm\u00f6glichen.<\/p>\n\n\n\n<p class=\"has-small-font-size\">Dar\u00fcber hinaus k\u00f6nnen Sie verschiedene Leistungen auf der Website nutzen, bei der weitere personenbezogene und nicht personenbezogene Daten verarbeitet werden.<\/p>\n\n\n\n<p class=\"has-small-font-size\"><strong>Ihre Rechte<\/strong><\/p>\n\n\n\n<p class=\"has-small-font-size\">Als betroffene Person haben Sie folgende Rechte:<\/p>\n\n\n\n<ul class=\"wp-block-list\">\n<li>Sie haben ein Auskunftsrecht bez\u00fcglich der Sie betreffenden personenbezogenen Daten, die der Verantwortliche verarbeitet (Art. 15 DSGVO),<\/li>\n\n\n\n<li>Sie haben das Recht auf Berichtigung der Sie betreffenden Daten, wenn diese unrichtig oder unvollst\u00e4ndig gespeichert werden (Art. 16 DSGVO),<\/li>\n\n\n\n<li>Sie haben das Recht auf L\u00f6schung (Art. 17 DSGVO),<\/li>\n\n\n\n<li>Sie haben das Recht, die Einschr\u00e4nkung der Verarbeitung Ihrer personenbezogenen Daten zu verlangen (Art. 18 DSGVO),<\/li>\n\n\n\n<li>Sie haben das Recht auf Daten\u00fcbertragbarkeit (Art. 20 DSGVO),<\/li>\n\n\n\n<li>Sie haben ein Widerspruchsrecht gegen die Verarbeitung Sie betreffender personenbezogener Daten (Art. 21 DSGVO),<\/li>\n\n\n\n<li>Sie haben das Recht nicht einer ausschlie\u00dflich auf einer automatisierten Verarbeitung \u2013 einschlie\u00dflich Profiling \u2013 beruhenden Entscheidung unterworfen zu werden, die Ihnen gegen\u00fcber rechtliche Wirkung entfaltet oder sie in \u00e4hnlicher Weise erheblich beeintr\u00e4chtigt (Art. 22 DSGVO),<\/li>\n\n\n\n<li>Sie haben das Recht, sich bei einem vermuteten Versto\u00df gegen das Datenschutzrecht bei der zust\u00e4ndigen Aufsichtsbeh\u00f6rde zu beschweren (Art. 77 DSGVO). Zust\u00e4ndig ist die Aufsichtsbeh\u00f6rde an Ihrem \u00fcblichen Aufenthaltsort, Arbeitsplatz oder am Ort des vermuteten Versto\u00dfes.<\/li>\n<\/ul>\n\n\n\n<p class=\"has-small-font-size\"><strong>Einsatz von Cookies&nbsp;<\/strong><\/p>\n\n\n\n<p class=\"has-small-font-size\">Beim Besuch der Website k\u00f6nnen Cookies auf Ihrem Ger\u00e4t gespeichert werden. Cookies sind kleine Textdateien, die von dem von Ihnen verwendeten Browser gespeichert werden. Cookies k\u00f6nnen keine Programme ausf\u00fchren und auch keine Viren auf Ihr Ger\u00e4t \u00fcbertragen. Die Stelle, die den Cookie setzt, kann dar\u00fcber jedoch bestimmte Informationen erhalten. Cookies dienen dazu, das Internetangebot benutzerfreundlicher zu machen. Mithilfe von Cookies kann beispielsweise das Ger\u00e4t, mit dem diese Website aufgerufen wurde, bei einem erneuten Aufruf erkannt werden.<\/p>\n\n\n\n<p class=\"has-small-font-size\">Durch die Browsereinstellungen l\u00e4sst sich das Setzen von Cookies einschr\u00e4nken oder verhindern. So kann z. B. nur die Annahme von Cookies, die von Drittanbietern stammen, blockiert werden oder aber auch die Annahme von allen Cookies. Durch das Blockieren sind jedoch m\u00f6glicherweise nicht mehr alle Funktionen dieser Website nutzbar. Im weiteren Text dieser Datenschutzerkl\u00e4rung informieren wir Sie konkret, an welchen Stellen und zu welchen Zwecken Cookies auf den Seiten zum Einsatz kommen.<\/p>\n\n\n\n<p class=\"has-small-font-size\">Quelle: <a href=\"https:\/\/www.anwalt.de\/vorlage\/muster-datenschutzerklaerung.php\">Muster-Datenschutzerkl\u00e4rung von anwalt.de<\/a><\/p>\n\n\n\n<p><\/p>\n\n\n\n<p><\/p>\n\n\n\n<p><\/p>\n\n\n\n<p class=\"has-small-font-size\"><strong>Haftung f\u00fcr Inhalte<\/strong><br><br>Als  Diensteanbieter sind wir gem\u00e4\u00df \u00a7 7 Abs.1 TMG f\u00fcr eigene Inhalte auf  diesen Seiten nach den allgemeinen Gesetzen verantwortlich. Nach \u00a7\u00a7 8  bis 10 TMG sind wir als Diensteanbieter jedoch nicht verpflichtet,  \u00fcbermittelte oder gespeicherte fremde Informationen zu \u00fcberwachen oder  nach Umst\u00e4nden zu forschen, die auf eine rechtswidrige T\u00e4tigkeit  hinweisen.<\/p>\n\n\n\n<p class=\"has-small-font-size\">Verpflichtungen zur Entfernung oder \nSperrung der Nutzung von Informationen nach den allgemeinen Gesetzen \nbleiben hiervon unber\u00fchrt. Eine diesbez\u00fcgliche Haftung ist jedoch erst \nab dem Zeitpunkt der Kenntnis einer konkreten Rechtsverletzung m\u00f6glich. \nBei Bekanntwerden von entsprechenden Rechtsverletzungen werden wir diese\n Inhalte umgehend entfernen.<\/p>\n\n\n\n<p class=\"has-small-font-size\"><strong>Haftung f\u00fcr Links<\/strong><\/p>\n\n\n\n<p class=\"has-small-font-size\">Unser\n Angebot enth\u00e4lt Links zu externen Websites Dritter, auf deren Inhalte \nwir keinen Einfluss haben. Deshalb k\u00f6nnen wir f\u00fcr diese fremden Inhalte \nauch keine Gew\u00e4hr \u00fcbernehmen. F\u00fcr die Inhalte der verlinkten Seiten ist \nstets der jeweilige Anbieter oder Betreiber der Seiten verantwortlich. \nDie verlinkten Seiten wurden zum Zeitpunkt der Verlinkung auf m\u00f6gliche \nRechtsverst\u00f6\u00dfe \u00fcberpr\u00fcft. Rechtswidrige Inhalte waren zum Zeitpunkt der \nVerlinkung nicht erkennbar.<\/p>\n\n\n\n<p class=\"has-small-font-size\">Eine permanente \ninhaltliche Kontrolle der verlinkten Seiten ist jedoch ohne konkrete \nAnhaltspunkte einer Rechtsverletzung nicht zumutbar. Bei Bekanntwerden \nvon Rechtsverletzungen werden wir derartige Links umgehend entfernen.<\/p>\n\n\n\n<p class=\"has-small-font-size\"><strong>Urheberrecht<\/strong><\/p>\n\n\n\n<p class=\"has-small-font-size\">Die\n durch die Seitenbetreiber erstellten Inhalte und Werke auf diesen \nSeiten unterliegen dem deutschen Urheberrecht. Die Vervielf\u00e4ltigung, \nBearbeitung, Verbreitung und jede Art der Verwertung au\u00dferhalb der \nGrenzen des Urheberrechtes bed\u00fcrfen der schriftlichen Zustimmung des \njeweiligen Autors bzw. Erstellers. Downloads und Kopien dieser Seite \nsind nur f\u00fcr den privaten, nicht kommerziellen Gebrauch gestattet.<\/p>\n\n\n\n<p class=\"has-small-font-size\">Soweit die Inhalte auf dieser Seite nicht vom Betreiber erstellt wurden, werden die Urheberrechte Dritter beachtet. Insbesondere werden Inhalte Dritter als solche gekennzeichnet. Sollten Sie trotzdem auf eine Urheberrechtsverletzung aufmerksam werden, bitten wir um einen entsprechenden Hinweis. Bei Bekanntwerden von Rechtsverletzungen werden wir derartige Inhalte umgehend entfernen.<\/p>\n","protected":false},"excerpt":{"rendered":"<p>KUHNA-Stiftungc\/o Hugo BoguslawskiStephanstra\u00dfe 1040599 D\u00fcsseldorf \u00a9 Bilder: sofern nicht anders vermerkt: VG BILD-KUNST, Bonn\u00a9 Texte: die AutorenVerantwortlich f\u00fcr den Inhalt: KUHNA-Stiftung Bild- und Text-Material f\u00fcr Pressearbeit etc. stellen wir auf Anfrage gerne zur Verf\u00fcgung.Bitte benutzen Sie f\u00fcr Anfragen das Kontaktformular. &hellip;<\/p>\n<p class=\"read-more\"> <a class=\"more-link\" href=\"https:\/\/kuhna-stiftung.org\/index.php\/kontakt-impressum\/\"> <span class=\"screen-reader-text\">Kontakt\/ Impressum<\/span> Weiterlesen &raquo;<\/a><\/p>\n","protected":false},"author":1,"featured_media":0,"parent":0,"menu_order":0,"comment_status":"closed","ping_status":"closed","template":"","meta":{"footnotes":""},"class_list":["post-28","page","type-page","status-publish","hentry"],"_links":{"self":[{"href":"https:\/\/kuhna-stiftung.org\/index.php\/wp-json\/wp\/v2\/pages\/28","targetHints":{"allow":["GET"]}}],"collection":[{"href":"https:\/\/kuhna-stiftung.org\/index.php\/wp-json\/wp\/v2\/pages"}],"about":[{"href":"https:\/\/kuhna-stiftung.org\/index.php\/wp-json\/wp\/v2\/types\/page"}],"author":[{"embeddable":true,"href":"https:\/\/kuhna-stiftung.org\/index.php\/wp-json\/wp\/v2\/users\/1"}],"replies":[{"embeddable":true,"href":"https:\/\/kuhna-stiftung.org\/index.php\/wp-json\/wp\/v2\/comments?post=28"}],"version-history":[{"count":7,"href":"https:\/\/kuhna-stiftung.org\/index.php\/wp-json\/wp\/v2\/pages\/28\/revisions"}],"predecessor-version":[{"id":410,"href":"https:\/\/kuhna-stiftung.org\/index.php\/wp-json\/wp\/v2\/pages\/28\/revisions\/410"}],"wp:attachment":[{"href":"https:\/\/kuhna-stiftung.org\/index.php\/wp-json\/wp\/v2\/media?parent=28"}],"curies":[{"name":"wp","href":"https:\/\/api.w.org\/{rel}","templated":true}]}}