{"id":61,"date":"2024-09-12T09:21:10","date_gmt":"2024-09-12T09:21:10","guid":{"rendered":"https:\/\/suspicious-lederberg.195-242-103-108.plesk.page\/?page_id=61"},"modified":"2024-10-16T16:51:02","modified_gmt":"2024-10-16T16:51:02","slug":"cv","status":"publish","type":"page","link":"https:\/\/kuhna-stiftung.org\/index.php\/cv\/","title":{"rendered":"Hermann-Josef Kuhna"},"content":{"rendered":"\n<p><strong>31.12.1944<\/strong><br>geboren in Ottenhausen, Th\u00fcringen<br><br><strong>1964 &#8211; 1969<\/strong><br>Studium an der Staatlichen Kunstakademie D\u00fcsseldorf bei den Professoren Bobek, Arnscheidt und Weber<br><br><strong>1972<\/strong><br>Dozent am Institut f\u00fcr Kunsterzieher der Staatlichen Kunstakademie D\u00fcsseldorf, Abteilung M\u00fcnster<br><br><strong>1979<\/strong><br>Ernennung zum Professor an der mittlerweile selbst\u00e4ndigen Kunstakademie M\u00fcnster<br><br><strong>seit 1980<\/strong><br>Atelier in D\u00fcsseldorf<br><br><strong>07.11.2018<\/strong><br>gestorben in D\u00fcsseldorf<\/p>\n\n\n\n<h2 class=\"wp-block-heading\">Einzelausstellungen<\/h2>\n\n\n\n<p><strong>1972<\/strong><br>Galerie am Sch\u00f6nwasserpark, Krefeld<br><br><strong>1974<\/strong><br>Kunsthandlung Kaminski, D\u00fcsseldorf<br><br><strong>1975<\/strong><br>Stadt-Sparkasse D\u00fcsseldorf<br>Galerie 2 Tilly Haderek, Stuttgart<br>Galerie Sali, Bielefeld<br>Commerzbank M\u00fcnster<br><br><strong>1976<\/strong><br>Kunsthandlung H\u00fcning, M\u00fcnster<br><br><strong>1978<\/strong><br>Galerie Brita Heberle, Frankfurt a. M.<br>Kunstakademie M\u00fcnster<br><br><strong>1979<\/strong><br>St\u00e4dtische Galerie Velbert<br>Kunstverein Paderborn<br>Galerie Kr\u00f6ner, Rimsingen b. Freiburg<br><br><strong>1980<\/strong><br>Neue Galerie \u2013 Sammlung Ludwig, Aachen<br>Galerie Brita Heberle, Frankfurt a. M.<br>Galerie Gmyrek, D\u00fcsseldorf<br><br><strong>1982<\/strong><br>Galerie Schiessel, M\u00fcnchen<br>Galerie Niepel, D\u00fcsseldorf<br>Museum am Ostwall, Dortmund<br><br><strong>1984<\/strong><br>Galerie Niepel, D\u00fcsseldorf<br>Galerie Schiessel, M\u00fcnchen<br>Galerie Leisten &amp; Thiesen, M\u00fcnster<br>Alsterufer 35, Hamburg<br><br><strong>1986<\/strong><br>Kunstverein f\u00fcr die Rheinlande und Westfalen, D\u00fcsseldorf<\/p>\n\n\n\n<p><strong>1987<\/strong><br>Galerie am Rindermarkt, Z\u00fcrich<br><br><strong>1988<\/strong><br>Galerie Fischer-Z\u00f6ller, D\u00fcsseldorf<br>Museo del Torrione, Forio\/lschia, Italien<br><br><strong>1989<\/strong><br>Galerie Conrads, Neuss<br>Galerie Overmann, M\u00fcnster<br><br><strong>1990<\/strong><br>Galerie Niepel, D\u00fcsseldorf<br>Galerie \u201esymbol\u201c, W. Wangler, K\u00f6ln<br>Carl-von-Ossietzky-Club, Sangerhausen<br>Schlo\u00df und Burg Allstedt<br><br><strong>1991<\/strong><br>Galerie Pim de Rudder, Assenede, Belgien<br>Galerie Thomas Kahlen, Aachen<br>Galerie Niepel, D\u00fcsseldorf<br><br><strong>1993<\/strong><br>Stadtmuseum Ratingen<br>Galerie Niepel, D\u00fcsseldorf<br><br><strong>1994<\/strong><br>Galerie Langenberg, Amsterdam<br>Altstadt Galerie Wiesbaden,<br>K\u00f6llmann modern art GmbH<br><br><strong>1995<\/strong><br>St\u00e4dtische Galerie Traun, \u00d6sterreich<br>Galerie Niepel, D\u00fcsseldorf<br><br><strong>1997<\/strong><br>St\u00e4dtisches Museum Gelsenkirchen<br><br><strong>1998<\/strong><br>K\u00f6llmann modern art Galerie, Wiesbaden<br>Space Gallery 2324, Kuala Lumpur, Malaysia<br>Galeri Lontar, Jakarta, Indonesien<br><br><strong>1999<\/strong><br>Museo de Arte Contemporaneo, Santiago de Chile, Chile<br>Galeria Arte Ren\u00e3ca, Chile<br>Central Academy of Art, Kuala Lumpur, Malaysia<br><br><strong>2000<\/strong><br>Galerie Bucci, Santiago de Chile<br>National Art Gallery, Kuala Lumpur, Malaysia<br>Galerie Blau, Palma de Mallorca<br><br><strong>2001<\/strong><br>Galerie Leuchter &amp; Peltzer, D\u00fcsseldorf<br>Galerie Steinr\u00f6tter, M\u00fcnster<br>Artweb24 Kunstraum, D\u00fcsseldorf<br><br><strong>2002<\/strong><br>Ehemalige Reichsabtei Aachen-Kornelim\u00fcnster, Kunstsammlung Nordrhein-Westfalen<br><br><strong>2003<\/strong><br>Galerie Ruth Leuchter, D\u00fcsseldorf<br>Goethe Institut Paris, Centre Culturel Allemand<br>Galerie CP, Wiesbaden<br><br><strong>2004<\/strong><br>Galerie Blau, Palma de Mallorca<br><br><strong>2005<\/strong><br>Galerie 48, Saarbr\u00fccken<br>Galerie Heinz Wenk, Dortmund<br>Kunstverein Salzgitter, Schloss Salder<br><br><strong>2006<\/strong><br>Ruhrfestspielhaus Recklinghausen<br>Galerie Heidi Borutta, Recklinghausen<br>cubus kunsthalle, Duisburg<br>Galerie Kabuth, Gelsenkirchen<br>Galerie Noack, M\u00f6nchengladbach<br>Ludwigmuseum im Deutschherrenhaus, Koblenz<\/p>\n\n\n\n<p><strong>2007<\/strong><br>Galerie Bab El Ke\u2019bir, Rabat, Marokko<br>Institut National des Beaux Arts de Tetouan, Marokko<br>La Galerie Lin\u00e9art, Tanger, Marokko<br>M\u00fcnsterland Museum Burg Vischering, L\u00fcdinghausen<br>Kolvenburg, M\u00fcnster<br>Galerie Brennecke, Berlin, mit Hans Rudolf Weber, Berlin<br>fiftyfifty-Galerie, D\u00fcsseldorf<\/p>\n\n\n\n<p><strong>2008<\/strong><br>Gut Selikum, Neuss, ehemalige Ausstellungsr\u00e4ume von Professor Gerhard Hoeme, Bilder von Professor Hermann-Josef Kuhna aus der Sammlung Ingrid und Willi Kemp<\/p>\n\n\n\n<p><strong>2009<\/strong><br>Hermann-Josef Kuhna, DOUBLETAKE, St\u00e4dtische Galerie Lippstadt<\/p>\n\n\n\n<p><strong>2010<\/strong><br>Galerie Brennecke, Berlin<br>Galerie Kabuth, Gelsenkirchen<br>Galerie Draheim, Wiesbaden<br><br><strong>2011<\/strong><br>fiftyfifty-Galerie, D\u00fcsseldorf<br><br><strong>2012<\/strong><br>Galerie Brennecke, D\u00fcsseldorf<br>Galerie Cerny, Kunstmesse Karlsuhe<br>Galerie Cerny, Wiesbaden<br>Accrochage Galerie Nolte, Mallorca<br>Accrochage Galerie Nolte, M\u00fcnster<br>Galerie Cerny, ART.FAIR cologne<br>Galerie Nolte, ART.FAIR cologne<br>Galerie Melchers, Kunstmesse Ulm<br>Accrochage Galerie Hoverstadt, Nottuln<br><br><strong>2014<\/strong><br>Galerie Cerny, Wiesbaden<br>cubus kunsthalle, Duisburg<br><br><strong>2015<\/strong><br>Galerie ART-ECK, Solingen<br>Galerie Fischer-Z\u00f6ller, D\u00fcsseldorf<br><br><strong>2016<\/strong><br>Stadtmuseum Beckum<br>Galerie Eickelmann, D\u00fcsseldorf<br>Art-Edition Fils, Galerie im Stilwerk, D\u00fcsseldorf<br><br><strong>2017<\/strong><br>Art-Edition Fils, Galerie im Stilwerk, D\u00fcsseldorf<br>Galerie Cerny und Partner, Wiesbaden<br>Galerie Anette M\u00fcller, D\u00fcsseldorf<br>Galerie Schageshof, Willich<br>Galerie Bayer, Bietigheim-Bissingen<\/p>\n\n\n\n<h2 class=\"wp-block-heading\">Posthume Einzelausstellungen<\/h2>\n\n\n\n<p><strong>2019<\/strong><br>Malkasten, D\u00fcsseldorf<br><br><strong>2024<\/strong><br>Kunstverein Haus der Kunst Enniger, Ennigerloh<\/p>\n\n\n\n<h2 class=\"wp-block-heading\">Ausstellungsbeteilungen<\/h2>\n\n\n\n<p><strong>1968<\/strong><br>Winterausstellung D\u00fcsseldorf<br>Garten Eden, D\u00fcsseldorf<br><br><strong>1969<\/strong><br>Studenten der Akademie in der Kunsthalle D\u00fcsseldorf<br>Winterausstellung D\u00fcsseldorf<br><br><strong>1970<\/strong><br>Experiment 70, Kunstmuseum D\u00fcsseldorf<br><br><strong>1971<\/strong><br>Winterausstellung D\u00fcsseldorf<br><br><strong>1973<\/strong><br>between 7, St\u00e4dtische Kunsthalle D\u00fcsseldorf und Gallery House, London<br>Winterausstellung D\u00fcsseldorf<br>Art Basel und IKI D\u00fcsseldorf, Kunsthandlung Kaminski<br><br><strong>1974<\/strong><br>Surrealit\u00e4t &#8211; Bildrealit\u00e4t 1924-1974, Kunsthalle D\u00fcsseldorf und Kunsthalle Baden-Baden<br><br><strong>1975<\/strong><br>Lehrer der Staatlichen Kunstakademie, Landesmuseum M\u00fcnster<br><br><strong>1979<\/strong><br>Westdeutscher K\u00fcnstlerbund, Hagen<br><br><strong>1981<\/strong><br>Aspekte der heutigen Malerei, Galerie Kr\u00f6ner, Rimsingen b. Freiburg<br>Stilleben, Galerie Gmyrek, D\u00fcsseldorf<br><br><strong>1982<\/strong><br>Eine Akademie stellt sich vor, Kunsthalle Recklinghausen<\/p>\n\n\n\n<p><strong>1984<\/strong><br>Kunstmesse K\u00f6ln (Galerie Gmyrek)<br>96 K\u00fcnstler aus Westfalen, Landesmuseum M\u00fcnster<br>Akademieforum M\u00fcnster<br>All over, St\u00e4dtisches Museum Velbert<br><br><strong>1986<\/strong><br>Gewohntes und Ungewohntes 1, Constri AG\/Amsler, Schinzach, Schweiz<br><br><strong>1987<\/strong><br>Atelierhaus K\u00f6lnerstr. 59, D\u00fcsseldorf<br><br><strong>1988<\/strong><br>Galerie am Rindermarkt, Z\u00fcrich<br>Sammlung Murken, Kunstmuseum Bonn<br>Heiligsprechung einer Tigerin, Kunstakademie M\u00fcnster<br><br><strong>1989<\/strong><br>Gro\u00dfe D\u00fcsseldorfer Kunstausstellung<br>Galerie CO 10, D\u00fcsseldorf<br>Galerie Overmann, M\u00fcnster<br>Galerie Conrads, Neuss<br><br><strong>1990<\/strong><br>Gro\u00dfe D\u00fcsseldorfer Kunstausstellung<br>Kulturzentrum Kammgarn, Schaffhausen, Schweiz<br>Galerie CO 10, D\u00fcsseldorf<br><br><strong>1991<\/strong><br>Gro\u00dfe D\u00fcsseldorfer Kunstausstellung<br><br><strong>1992<\/strong><br>Galerie Fischer-Z\u00f6ller, D\u00fcsseldorf<br>Galerie CO 10, D\u00fcsseldorf<br>Gro\u00dfe D\u00fcsseldorfer Kunstausstellung<br>Line Art, Gent, Belgien<br><br><strong>1993<\/strong><br>Galerie Fischer-Z\u00f6ller, D\u00fcsseldorf<br>St\u00e4dtische Ausstellungshalle am Haverkamp, M\u00fcnster Kiffe-Zentrum, M\u00fcnster<br>Hommage a Marcel Broodthaers, Galerie Pim de Rudder, Assenede<br>Gro\u00dfe D\u00fcsseldorfer Kunstausstellung <br>Het Bourl\u00e6huis, Antwerpen<br><br><strong>1994<\/strong><br>Galerie Fischer-Z\u00f6ller, D\u00fcsseldorf<br>Galerie CO 10, D\u00fcsseldorf<br>KunstRai, Amsterdam<br>Zusammenkunst, Nassauischer<br>Kunstverein Wiesbaden<br>Schwierigkeiten mit Schwarz-Wei\u00df, Kulturbahnhof D\u00fcsseldorf-Eller<br>Gro\u00dfe D\u00fcsseldorfer Kunstausstellung<br><br><strong>1995<\/strong><br>Galerie Fischer-Z\u00f6ller, D\u00fcsseldorf<br>Altstadt Galerie, Wiesbaden<br>Gro\u00dfe D\u00fcsseldorfer Kunstausstellung<br><br><strong>1996<\/strong><br>Galerie Pim de Rudder, Assenede<br>Kunstakademie M\u00fcnster: Unterwegs, Kunstakademie Dresden<br>Gro\u00dfe D\u00fcsseldorfer Kunstausstellung<br><br><strong>1997<\/strong><br>Gro\u00dfe D\u00fcsseldorfer Kunstausstellung<br>Melancholie und Eros in der Kunst der Gegenwart, Ludwig Forum f\u00fcr internationale Kunst, Aachen<br><br><strong>1998<\/strong><br>Folgestationen:<br>Von-der-Heydt Museum<br>Kunsthalle Barmen, Wuppertal<br>St\u00e4dtische Galerie Albstadt<br>Kunstmuseum Thun<br>St\u00e4dtische Galerie Regensburg<br>St\u00e4dtische Galerie Aschaffenburg<br><br><strong>1999<\/strong><br>St\u00e4dtische Galerie Delmenhorst<br>Mittelrhein-Museum Koblenz<br>Landschaftsmalerei heute, Suermondt-Ludwig-Museum, Aachen<br>German Art of the 90&#8217;s, National Art Gallery, Kuala Lumpur<br>Wind Roses, Museum DOKO, K\u00f6ln<br><br><strong>2000<\/strong><br>Hommage a Achim Duchow, Galerie Klein, Bad M\u00fcnstereifel<br><br><strong>2001<\/strong><br>Galeria Blau, Palma de Malorca, Accrochage<br>Kunst K\u00f6ln, Galerie Leuchter &amp; Peltzer<br>Art Frankfurt, Galerie Leuchter &amp; Peltzer<br>Museum Doko, K\u00f6ln, Kunstvilla Kaiserswerth, D\u00fcsseldorf<br>Museum der Stadt Ratingen, \u201eKunst auf Rezept\u201c Sammlung Dr. Hartmut Kraft<br>2001 Tendence 2001 Frankfurt, Rosenthal Studio-Line<br><br><strong>2002<\/strong><br>\u201eKunst auf Rezept\u201c Sammlung Dr. Hartmut Kraft: St\u00e4dtische Galerie \u201esohle 1\u201c, Bergkamen, Zwickau, Siegerlandmuseum Siegen<br><br><strong>2003<\/strong><br>Berliner Medizinhistorisches Museum der Charit\u00e9 und Kunsthalle Erfurt<br><br><strong>2002<\/strong><br>Villa Pelsser, Henri-Chapelle, Belgien<br>Galerie Steinr\u00f6tter, M\u00fcnster, Accrochage<br>St\u00e4dtische Galerie Am Abdinghof Paderborn: Melancholie und Eros, Sammlung Murken<br>Galerie Ruth Leuchter, D\u00fcsseldorf, Accrochage<br><br><strong>2003<\/strong><br>CP Galerie Angela Cerny &amp; Ronald Puff, Wiesbaden, Accrochage<br>Galerie Ruth Leuchter, D\u00fcsseldorf, Accrochage<br><br><strong>2004<\/strong><br>Gro\u00dfe D\u00fcsseldorfer Kunstausstellung<br>CP Galerie, Wiesbaden<br>Galerie Blau, Palma de Mallorca, Spanien<br>Tophane-i-Amire Kulturzentrum, Istanbul, T\u00fcrkei<br><br><strong>2005<\/strong><br>Zwischen T\u00fcr und Angel, Westf\u00e4lisches Landesmuseum, M\u00fcnster<br>CP Galerie, Wiesbaden, Accrochage<br>CP Galerie, Wiesbaden in Kunstmesse Karlsruhe<br>Anadolu \u00dcniversitesi, Eskisehir, T\u00fcrkei<br>Galerie 48, Saarbr\u00fccken<br>Galerie Kr\u00e4nzl, Gaienhofen-Horn<br>Sammlung Murken, Suermondt-Ludwig Museum, Aachen<br>Galerie Noack, M\u00f6nchengladbach<br>Galerie Heinz Wenk, Dortmund<br>Kunstmarkt, cubus kunsthalle, Duisburg<br><br><strong>2006<\/strong><br>Kunst auf Rezept, Galerie im Park, Bremen<br>Museum Doko, Malkasten, D\u00fcsseldorf<br><br><strong>2007<\/strong><br>CP Galerie, Wiesbaden, Kunstmesse Karlsruhe<br>Galerie Noack, M\u00f6nchengladbach: Sommer-Ausstellung<br>La Galeria Carantec, Frankreich<br>fiftyfifty Galerie, D\u00fcsseldorf, Accrochage<br>CP Galerie, Wiesbaden, Accrochage<br>Galerie Brennecke, Berlin, Accrochage<br><br><strong>2008<\/strong><br>CP Galerie, Wiesbaden, Accrochage<br>CP Galerie, Kunstmesse Karlsruhe<br>fiftyfifty Galerie, D\u00fcsseldorf, Accrochage<br>Galerie Brennecke, Berlin, Accrochage<br>La Galeria Carantec, Frankreich<br>Malkasten, D\u00fcsseldorf<br>Gro\u00dfe Kunstausstellung NRW, Museum Kunstpalast, D\u00fcsseldorf<br><br><strong>2009<\/strong><br>CP Galerie, Wiesbaden, Accrochage<br>Galerie Kabuth, Gelsenkirchen, Accrochage<br>Galerie Steinr\u00f6tter, M\u00fcnster, Accrochage<br>Galerie Brennecke, Berlin, Accrochage<br>Gro\u00dfe Kunstausstellung NRW, Museum Kunstpalast, D\u00fcsseldorf<br>Malkasten, D\u00fcsseldorf<br><br><strong>2010<\/strong><br>Galerie Cerny, Wiesbaden, Accrochage<br>Galerie Melchers, Herzogenrath<br>fiftyfifty Galerie, D\u00fcsseldorf<br>Gro\u00dfe Kunstausstellung NRW, Museum Kunstpalast, D\u00fcsseldorf<br>Malkasten, D\u00fcsseldorf<br>Bundeszentralbank, D\u00fcsseldorf<br><br><strong>2011<\/strong><br>Gro\u00dfe Kunstausstellung NRW, Musem Kunstpalast, D\u00fcsseldorf<br>Spektrale, Rheingoldsaal, Mainz<br>Sammlung Willi Kemp \u201cNeue Farben\u201d, Museum Kunstpalast, D\u00fcsseldorf<br>fiftyfifty Galerie, D\u00fcsseldorf<br>Galerie Melchers, Herzogenrath<br>Galerie Brennecke, Berlin<br>cp-Galerie, Wiesbaden<br>Schlaglichter, Stadtmuseum Ratingen<br>Galerie Eikelmann, D\u00fcsseldorf<br><br><strong>2012<\/strong><br>Galerie Melchers, Herzogenrath<br>Galerie cp, Kunstmesse Karlsuhe<br>Galerie Nolte, M\u00fcnster<br>Kunstverein, Halle a.d. Saale<br><br><strong>2013<\/strong><br>Gro\u00dfe Kunstausstellung NRW, Museum Kunstpalast, D\u00fcsseldorf<br>Galerie Cerny, Kunstmesse Karlsruhe<br>Galerie Nolte, ABSTRAKT, M\u00fcnster<br>Galerie Cerny, art fair K\u00f6ln<br>Galerie Nolte, art fair K\u00f6ln<br>Malkasten D\u00fcsseldorf<br><br><strong>2014<\/strong><br>Gro\u00dfe Kunstausstellung NRW, Museum Kunstpalast, D\u00fcsseldorf<br>Galerie Cerny, Kunstmesse Karlsruhe<br>Galerie Nolte, M\u00fcnster<br>Kunsthandlung Osper, K\u00f6ln<br>Galerie Fischer-Z\u00f6ller, D\u00fcsseldorf<br><br><strong>2015<\/strong><br>Gro\u00dfe Kunstausstellung NRW, Museum Kunstpalast, D\u00fcsseldorf<br>Kulturkirche, K\u00f6ln-Buchforst<br>Galerie Balke, art contemporary Ruhr, Essen<br>Restaurant Campi-Volksb\u00fchne, K\u00f6ln<br>Malkasten, D\u00fcsseldorf<br>Galerie Dr. Fils, D\u00fcsseldorf<br>Atelierhaus Gothaer Versicherungen, K\u00f6ln<br>Galerie Kabuth, Gelsenkirchen<br><br><strong>2016<\/strong><br>Gro\u00dfe Kunstausstellung NRW, Museum Kunstpalast, D\u00fcsseldorf<br>Galerie Brennecke, Berlin<br>Galerie Art-Eck, Solingen<br>Art Edition Fils the London original print fair, Royal Art Academy, London<br>Gothaer Hauptverwaltung, K\u00f6ln<br>Galerie Balke, art contemporary Ruhr, Essen<br>Kunsthandel Binhold, K\u00f6ln<br>Malkasten, D\u00fcsseldorf<br>fiftyfifty Galerie, D\u00fcsseldorf<br>Galerie Kabuth, Gelsenkirchen<br>Galerie Fils, D\u00fcsseldorf<br><br><strong>2017<\/strong><br>Galerie Kabuth, Gelsenkirchen<br>fiftyfifty Galerie, D\u00fcsseldorf<br>Kunsthandel Binhold, K\u00f6ln<br>Malkasten, D\u00fcsseldorf<br>Galerie im Kettelhack Karree, Borken<\/p>\n\n\n\n<p><\/p>\n","protected":false},"excerpt":{"rendered":"<p>31.12.1944geboren in Ottenhausen, Th\u00fcringen 1964 &#8211; 1969Studium an der Staatlichen Kunstakademie D\u00fcsseldorf bei den Professoren Bobek, Arnscheidt und Weber 1972Dozent am Institut f\u00fcr Kunsterzieher der Staatlichen Kunstakademie D\u00fcsseldorf, Abteilung M\u00fcnster 1979Ernennung zum Professor an der mittlerweile selbst\u00e4ndigen Kunstakademie M\u00fcnster seit &hellip;<\/p>\n<p class=\"read-more\"> <a class=\"more-link\" href=\"https:\/\/kuhna-stiftung.org\/index.php\/cv\/\"> <span class=\"screen-reader-text\">Hermann-Josef Kuhna<\/span> Weiterlesen &raquo;<\/a><\/p>\n","protected":false},"author":1,"featured_media":0,"parent":0,"menu_order":0,"comment_status":"closed","ping_status":"closed","template":"","meta":{"footnotes":""},"class_list":["post-61","page","type-page","status-publish","hentry"],"_links":{"self":[{"href":"https:\/\/kuhna-stiftung.org\/index.php\/wp-json\/wp\/v2\/pages\/61","targetHints":{"allow":["GET"]}}],"collection":[{"href":"https:\/\/kuhna-stiftung.org\/index.php\/wp-json\/wp\/v2\/pages"}],"about":[{"href":"https:\/\/kuhna-stiftung.org\/index.php\/wp-json\/wp\/v2\/types\/page"}],"author":[{"embeddable":true,"href":"https:\/\/kuhna-stiftung.org\/index.php\/wp-json\/wp\/v2\/users\/1"}],"replies":[{"embeddable":true,"href":"https:\/\/kuhna-stiftung.org\/index.php\/wp-json\/wp\/v2\/comments?post=61"}],"version-history":[{"count":11,"href":"https:\/\/kuhna-stiftung.org\/index.php\/wp-json\/wp\/v2\/pages\/61\/revisions"}],"predecessor-version":[{"id":372,"href":"https:\/\/kuhna-stiftung.org\/index.php\/wp-json\/wp\/v2\/pages\/61\/revisions\/372"}],"wp:attachment":[{"href":"https:\/\/kuhna-stiftung.org\/index.php\/wp-json\/wp\/v2\/media?parent=61"}],"curies":[{"name":"wp","href":"https:\/\/api.w.org\/{rel}","templated":true}]}}